{"id":16696,"date":"2017-06-29T11:42:39","date_gmt":"2017-06-29T11:42:39","guid":{"rendered":"https:\/\/www.termotur.com\/empresa\/historia\/"},"modified":"2017-11-14T12:14:30","modified_gmt":"2017-11-14T11:14:30","slug":"historia","status":"publish","type":"page","link":"https:\/\/www.termotur.com\/es\/empresa\/historia\/","title":{"rendered":"Historia"},"content":{"rendered":"<div class=\"wpb-content-wrapper\"><p>[vc_row full_width=\u00bbstretch_row\u00bb bg_type=\u00bbgrad\u00bb css=\u00bb.vc_custom_1499771976723{margin-top: 0px !important;margin-bottom: 0px !important;border-top-width: 0px !important;border-bottom-width: 0px !important;padding-top: 25px !important;padding-bottom: 0px !important;background-color: #f9f9f9 !important;background-position: 0 0 !important;background-repeat: no-repeat !important;}\u00bb el_class=\u00bbbg_centered\u00bb bg_grad=\u00bbbackground: -webkit-gradient(linear, left top, left bottom, color-stop(0%, #DCE8FA), color-stop(1%, #F2F7FF), color-stop(2%, #FFFFFF), color-stop(100%, #FFFFFF));background: -moz-linear-gradient(top,#DCE8FA 0%,#F2F7FF 1%,#FFFFFF 2%,#FFFFFF 100%);background: -webkit-linear-gradient(top,#DCE8FA 0%,#F2F7FF 1%,#FFFFFF 2%,#FFFFFF 100%);background: -o-linear-gradient(top,#DCE8FA 0%,#F2F7FF 1%,#FFFFFF 2%,#FFFFFF 100%);background: -ms-linear-gradient(top,#DCE8FA 0%,#F2F7FF 1%,#FFFFFF 2%,#FFFFFF 100%);background: linear-gradient(top,#DCE8FA 0%,#F2F7FF 1%,#FFFFFF 2%,#FFFFFF 100%);\u00bb][vc_column]<div id=\"ultimate-heading-662369f56fc50a654\" class=\"uvc-heading ult-adjust-bottom-margin ultimate-heading-662369f56fc50a654 uvc-7215 \" data-hspacer=\"no_spacer\"  data-halign=\"center\" style=\"text-align:center\"><div class=\"uvc-heading-spacer no_spacer\" style=\"top\"><\/div><div class=\"uvc-sub-heading ult-responsive\"  data-ultimate-target='.uvc-heading.ultimate-heading-662369f56fc50a654 .uvc-sub-heading '  data-responsive-json-new='{\"font-size\":\"\",\"line-height\":\"\"}'  style=\"font-family:&#039;Raleway&#039;;font-weight:normal;font-style:normal;margin-bottom:30px;\"><\/p>\n<h2 style=\"text-align: center;\">Termotur<\/h2>\n<h3 style=\"text-align: center;\">Se encara al bagaje de casi sesenta a\u00f1os de vida empresarial.<\/h3>\n<p><\/div><\/div>[vc_column_text css=\u00bb.vc_custom_1507564133782{margin-right: 0px !important;margin-left: 0px !important;border-right-width: 0px !important;border-left-width: 0px !important;padding-right: 10px !important;padding-bottom: 60px !important;padding-left: 10px !important;}\u00bb]<\/p>\n<p style=\"text-align: justify;\">El resultado de una primera iniciativa que ha ido fructificando gracias al concurso de todos -clientes, trabajadores y proveedores- para finalmente construir la empresa que tenemos, consolidada y con dimensi\u00f3n europea.<\/p>\n<p style=\"text-align: justify;\">En Termotur hoy por hoy podemos ofrecer un servicio \u00e1gil de calidad y con un gran componente de alta tecnolog\u00eda. Tambi\u00e9n, la certeza y la garant\u00eda que da un buen servicio de post-venta y mantenimiento cualificados. Con renovada ilusi\u00f3n y con la satisfacci\u00f3n que da todo un c\u00famulo de sensaciones positivas, queremos ofrecerle nuestra organizaci\u00f3n, la de una empresa competitiva y moderna, donde el dise\u00f1o de proyectos responde a las verdaderas necesidades y exigencias de servicio y econom\u00eda.<\/p>\n<p style=\"text-align: justify;\">Cuestiones \u00e9stas, que configuran el tri\u00e1ngulo de nuestro \u00e9xito, avalado por nuestros clientes que son la apuesta de futuro m\u00e1s atrevida y la que nos proporciona m\u00e1s satisfacciones.<\/p>\n<p>[\/vc_column_text][\/vc_column][\/vc_row][vc_row css=\u00bb.vc_custom_1499772026070{margin-top: 0px !important;border-top-width: 0px !important;padding-top: 15px !important;padding-bottom: 100px !important;}\u00bb][vc_column css=\u00bb.vc_custom_1499772013761{margin-top: 0px !important;border-top-width: 0px !important;padding-top: 0px !important;}\u00bb][vc_accordion active_tab=\u00bb0&#8243; collapsible=\u00bbyes\u00bb title_size=\u00bbh3&#8243; style=\u00bb2&#8243;][vc_accordion_tab title=\u00bb(1951-1960) &#8211; Nacimiento y primeros pasos\u00bb][vc_column_text css=\u00bb.vc_custom_1507567041869{padding-top: 30px !important;padding-right: 40px !important;padding-bottom: 30px !important;padding-left: 40px !important;}\u00bb]<\/p>\n<p style=\"text-align: justify;\">La empresa Termotur encuentra sus or\u00edgenes en los primeros a\u00f1os de la inmediata posguerra en la persona de Eduard Tur y Lapiedra, padre del actual director general, que fue el fundador. Eduard Tur Lapiedra nace en la ciudad de Barcelona en el a\u00f1o 1917, concretamente en el popular barrio del Poble Sec, donde, desde muy joven, se inici\u00f3 en el oficio.<\/p>\n<p style=\"text-align: justify;\">En aquella \u00e9poca, ser calderero requer\u00eda grandes dosis de artesan\u00eda y quer\u00eda un aprendizaje muy importante para poder alcanzar el reconocimiento profesional y la maestr\u00eda deseables. Para llegar a serlo, Eduard Tur Lapiedra se inici\u00f3 en el oficio de calderero en la empresa barcelonesa Constructora Field. Ya en la posguerra trabaj\u00f3 en una empresa llamada Talleres El\u00edas, que ten\u00eda cuidado de las reparaciones de los c\u00e1rteres (de hierro fundido), carburadores (de antimonio) y culatas (de aluminio) de los taxis de la ciudad de Barcelona.<\/p>\n<p style=\"text-align: justify;\">Dentro de esta actividad se especializ\u00f3 en la soldadura y, concretamente, en la de materiales tales como el antimonio, un elemento met\u00e1lico poco duro y polvorizable que requer\u00eda una gran precisi\u00f3n y experiencia, hasta el punto que Eduard Tur se convirti\u00f3 en una de las pocas personas en Catalu\u00f1a con capacidad suficiente para llevar a cabo esta tarea con garant\u00edas plenas.<\/p>\n<p style=\"text-align: justify;\">Durante los a\u00f1os dif\u00edciles de la posguerra, las empresas del pa\u00eds inician una lenta recuperaci\u00f3n que pide trabajadores cualificados en la instalaci\u00f3n y el mantenimiento de calderas de vapor. Consciente de este hecho, Tur se adentra en el oficio de calderero en una empresa del sector llamada Calderer\u00eda Suria, donde trabaja confeccionando calderas y calderos para calentar fluidos. Esta empresa ten\u00eda clientes dispersos por todo el territorio catal\u00e1n, entre ellos una empresa de la ciudad de Calella llamada Tintas Visa, en la que Tur repara las instalaciones de forma casi continuada.<\/p>\n<p style=\"text-align: justify;\">Es Manuel Visa, propietario de esta empresa, quien, viendo la capacidad de Eduard Tur Lapiedra, lo anima a quedarse en Calella de forma permanente y estable. Esta iniciativa hace que empiece a atender otras empresas del mismo ramo, tales como Tintas Bogu\u00f1\u00e1, y otros como Textil Gallostra, Pastas Saula, Textil Janer, Industrial Pareja, Industrial Aragon\u00e9s, Cadellans o MUVISA, empresa fabricante de muelas de la vecina poblaci\u00f3n de Arenys de Mar.<\/p>\n<p style=\"text-align: justify;\">Con este bagaje, en 1951 funda, justo en el l\u00edmite entre las poblaciones de Calella y Pineda de Mar, la semilla de lo que, con el paso de los a\u00f1os, se convertir\u00e1 en la empresa Termotur. Se trata de un peque\u00f1o taller situado en la calle General Mola (el actual Once de Septiembre), donde Tur y su familia implantan y consolidan la vivienda y el negocio.<\/p>\n<p style=\"text-align: justify;\">As\u00ed llegamos al a\u00f1o 1955, momento en que la familia Tur -l&#8217;Eduard, la Caridad y sus tres hijos, Eduardo, Miguel y Ana Mar\u00eda- ya se ha asentado plenamente en el Alt Maresme, zona que, en los pr\u00f3ximos a\u00f1os, experimentar\u00e1 una serie de cambios de gran calado sobre todo con la llegada del fen\u00f3meno tur\u00edstico, que posibilitar\u00e1 una mutaci\u00f3n de las estructuras econ\u00f3micas y sociales de nuestro pa\u00eds.<\/p>\n<p style=\"text-align: justify;\">La r\u00e1pida evoluci\u00f3n que se produce desde el auge de la industria textil hasta el predominio casi total y absoluto del turismo, tal como sucedi\u00f3 en poblaciones como Calella, provoc\u00f3 la rotura de los esquemas econ\u00f3micos cl\u00e1sicos y tradicionales.<\/p>\n<p style=\"text-align: justify;\">As\u00ed, en Calella mismo y bajo la gu\u00eda de unos ciudadanos alemanes encabezados por la se\u00f1ora Margot Hildegard Rothe Brunner, pionera del turismo en la zona, se posibilita la llegada de otros compatriotas suyos que son acogidos en casas particulares. La familia Tur no se queda al margen de esta nueva situaci\u00f3n, y alberga muchos de estos turistas en unos bajos anexos a su vivienda.<\/p>\n<p style=\"text-align: justify;\">Se trata de unos \u00abprimeros tiempos\u00bb del turismo que dar\u00e1n paso a un gran estallido a lo largo de la pr\u00f3xima d\u00e9cada, pero que, en estos momentos, aunque permiten que los clientes de Can Tur desayunen juntos con los trabajadores y los turistas que se a\u00f1aden, en el patio del taller, a base de populares sardinadas.<\/p>\n<p>[\/vc_column_text][\/vc_accordion_tab][vc_accordion_tab title=\u00bb(1961-1970) &#8211; El boom tur\u00edstico\u00bb][vc_column_text css=\u00bb.vc_custom_1507567080118{padding-top: 30px !important;padding-right: 40px !important;padding-bottom: 30px !important;padding-left: 40px !important;}\u00bb]<\/p>\n<p style=\"text-align: justify;\">Durante estos a\u00f1os se inicia un gran cambio favorecido por lo que se llamar\u00e1 el boom tur\u00edstico, una nueva fuente de ingresos que no se puede dejar perder, una verdadera \u00abgallina de los huevos de oro\u00bb. Se construyen los primeros establecimientos hoteleros, y, con ellos, comienza la demanda de barandillas, rejas y complementos de todo tipo, que la empresa de Eduard Tur Lapiedra se espabila a servir.<\/p>\n<p style=\"text-align: justify;\">Coincidiendo con 1965, la industria -principalmente la textil-, algunos establecimientos hoteleros y unas cuantas viviendas particulares se plantean la necesidad de implantar quemadores de petr\u00f3leo, fuel-oil y gasoil para sustituir las antiguas calderas de carb\u00f3n, y disfrutar as\u00ed los beneficios del vapor en la industria, el agua caliente en los establecimientos hoteleros y la calefacci\u00f3n en los hogares.<\/p>\n<p style=\"text-align: justify;\">Es en este primer proceso de cambio tecnol\u00f3gico cuando se incorpora a la empresa el que actualmente asume la direcci\u00f3n, Miquel Tur Carrasco, y fue Textil Juanola la primera de las empresas sobre las que se actu\u00f3 con los nuevos criterios de automatizaci\u00f3n de las calderas.<\/p>\n<p style=\"text-align: justify;\">La base del nuevo sistema se sustentaba en la marca de quemadores de la empresa italiana TERMONAFTA, de la que se tuvo la representaci\u00f3n a partir de ese momento.<\/p>\n<p style=\"text-align: left;\">Justo a los inicios de 1969 se empieza a implantar una nueva l\u00ednea: la del tratamiento de aguas, que responde a la necesidad generada por los pozos de la poblaci\u00f3n, que, debido a una explotaci\u00f3n intensiva, sufren problemas de salinizaci\u00f3n que provocan aver\u00edas repetidas. En esta l\u00ednea cabe destacar los tratamientos de filtrado llevados a cabo en las piscinas, cada vez m\u00e1s numerosas. El primer sistema de filtrado se instal\u00f3 en el antiguo Hotel Pins Mar de Santa Susanna.<\/p>\n<p style=\"text-align: justify;\">Todo este conjunto de actuaciones que introducen, por primera vez, elementos tecnol\u00f3gicos, permiten ampliar la clientela de sectores tradicionales como el textil -a pesar de la recesi\u00f3n de este sector, que ya empezaba a ser evidentemente- aplicando las nuevas l\u00edneas de quemadores y realizando el tratamiento de aguas, en este segundo caso orientado al turismo, cada vez m\u00e1s emergente en poblaciones como Calella y Lloret de Mar y, m\u00e1s adelante, Santa Susanna, Malgrat de Mar y Pineda de Mar.<\/p>\n<p style=\"text-align: justify;\">Con este posicionamiento en el mercado, la empresa llega a 1970 en una situaci\u00f3n de ventaja clara, ya que en la zona no hab\u00eda nadie que se ocupara de todos estos aspectos y, en el mejor de los casos, hab\u00eda que contratar empresas de Barcelona para hacer lo mismo con unos costes de desplazamiento superiores.<\/p>\n<p style=\"text-align: justify;\">A pesar de todo este conjunto de cambios, la empresa de Eduard Tur Lapiedra a\u00fan mantiene, a finales de esta d\u00e9cada, una estructura genuinamente familiar que se sustenta en el propietario y sus hijos, los cuales asumen diferentes parcelas de actividad.<\/p>\n<p>[\/vc_column_text][\/vc_accordion_tab][vc_accordion_tab title=\u00bb(1971-1980) &#8211; La consolidaci\u00f3n\u00bb][vc_column_text css=\u00bb.vc_custom_1507567109075{padding-top: 30px !important;padding-right: 40px !important;padding-bottom: 30px !important;padding-left: 40px !important;}\u00bb]<\/p>\n<p style=\"text-align: justify;\">La empresa de Eduard Tur Lapiedra comienza esta nueva d\u00e9cada ampliando su clientela y convirti\u00e9ndose en un referente obligado en la zona en cuanto a la adaptaci\u00f3n de cocinas de carb\u00f3n con quemadores de gasoil, la producci\u00f3n de agua caliente sanitaria, la calefacci\u00f3n, el tratamiento y la potabilizaci\u00f3n de aguas de consumo, y el tratamiento qu\u00edmico y el filtrado de piscinas.<\/p>\n<p style=\"text-align: justify;\">Esta ampliaci\u00f3n del n\u00famero de clientes y de la zona de actuaci\u00f3n comercial hace que se incorpore personal contratado a la empresa, ya que en estos momentos, y coincidiendo con la expansi\u00f3n tur\u00edstica hacia nuevos destinos, se trabaja en Benidorm, Salou y algunas zonas de Almer\u00eda.<\/p>\n<p style=\"text-align: justify;\">Este proceso de crecimiento fue puesto en marcha en gran parte por el empresario tur\u00edstico Enric Teixidor Salv\u00e1, que fue uno de los grandes impulsores del turismo en nuestro pa\u00eds y que, con el tiempo, se ha ganado un lugar preferente y destacado en la historia tur\u00edstica de nuestro pa\u00eds mediante su contribuci\u00f3n activa al despertar de esta nueva actividad econ\u00f3mica. Hay que decir que la empresa de Eduard Tur Lapiedra tuvo la suerte de colaborar en muchos de los proyectos que puso en marcha Enric Teixidor.<\/p>\n<p style=\"text-align: justify;\">Los a\u00f1os ochenta comienzan con un gran crecimiento del \u00e1rea de tratamiento de aguas. Esto es el resultado de la presencia de manganeso en el agua que las poblaciones del Alt Maresme captan en estos momentos de la planta del Tordera en Palafolls.<\/p>\n<p style=\"text-align: justify;\">Esta cuesti\u00f3n provoca una serie de reacciones no deseadas y, hasta entonces, desconocidas en el agua de consumo, la m\u00e1s visible de las cuales es una coloraci\u00f3n marr\u00f3n. Para solucionar o, al menos, paliar esta situaci\u00f3n, se aplican las tecnolog\u00edas adecuadas, y eso hace que muchas poblaciones recurran a la empresa de los Tur, que asume la direcci\u00f3n t\u00e9cnica de la aplicaci\u00f3n de los nuevos procesos que se pondr\u00e1n en marcha. Esta din\u00e1mica marca las que, en el futuro, ser\u00e1n las grandes l\u00edneas estrat\u00e9gicas de la empresa, claramente influenciadas por la innovaci\u00f3n, la investigaci\u00f3n y la aplicaci\u00f3n de nuevos procedimientos.<\/p>\n<p style=\"text-align: justify;\">La adquisici\u00f3n de estas nuevas t\u00e9cnicas no es, en ning\u00fan caso, gratuita. Durante este periodo se establece una sistem\u00e1tica de asistencia a ferias del sector de car\u00e1cter estatal e internacional, as\u00ed como la visita a empresas especializadas para adaptar los avances, las t\u00e9cnicas y los conocimientos a la din\u00e1mica de la empresa.<\/p>\n<p>[\/vc_column_text][\/vc_accordion_tab][vc_accordion_tab title=\u00bb(1981-1990) &#8211; Construyendo una gran empresa\u00bb][vc_column_text css=\u00bb.vc_custom_1507567128819{padding-top: 30px !important;padding-right: 40px !important;padding-bottom: 30px !important;padding-left: 40px !important;}\u00bb]<\/p>\n<p style=\"text-align: justify;\">La consolidaci\u00f3n de la actividad empresarial lleva hacia una nueva etapa caracterizada por la constituci\u00f3n de la que ser\u00e1 la actual empresa. La d\u00e9cada comienza con una joint-venture con la empresa VYC Industrial, SA, de Terrassa (la antigua casa Villar\u00f3 y C\u00eda.), para afrontar proyectos y obras de envergadura en establecimientos donde hay que resolver la problem\u00e1tica derivada de la instalaci\u00f3n de calefacci\u00f3n y producci\u00f3n de agua caliente sanitaria, y para disponer de personal especializado suficiente para llevar a cabo los trabajos. Son de esta \u00e9poca las intervenciones realizadas en los hoteles Windsor, Niza, Etton, Guitart Rosa, Astoria, etc., de Lloret de Mar.<\/p>\n<p style=\"text-align: justify;\">Este per\u00edodo dura tres a\u00f1os, y, como resultado de la experiencia y la pericia acumuladas, la ya veterana empresa de Eduard Tur Lapiedra se plantea decididamente asumir en solitario la realizaci\u00f3n de grandes equipamientos e instalaciones, y lleva a cabo la que ser\u00e1 la primera climatizaci\u00f3n integral de un establecimiento hotelero: el Hotel Royal Sun de Santa Susanna.<\/p>\n<p style=\"text-align: justify;\">Es la \u00e9poca en que la empresa cambia de denominaci\u00f3n para adoptar el nombre actual, Termotur, SL, que testimonia la voluntad de formalizar una estructura societaria destinada a adquirir unos criterios m\u00e1s empresariales y aplicarlos a una actividad que, por otra parte , ya ha llegado a un importante grado de crecimiento y madurez.<\/p>\n<p style=\"text-align: left;\">Paralelamente, la empresa adquiere nuevos veh\u00edculos y aparatos, aumenta la plantilla de trabajadores, y consolida una l\u00ednea comercial para garantizar en el futuro un crecimiento sostenido de la actividad.<\/p>\n<p style=\"text-align: justify;\">Durante este periodo, Miquel Tur Carrasco asiste a convenciones, jornadas y congresos en Catalu\u00f1a, Espa\u00f1a y varios pa\u00edses de la Uni\u00f3n Europea con el fin de mantener un nivel actualizado de conocimientos y t\u00e9cnicas. As\u00ed, en 1982 participa en la convenci\u00f3n de la empresa ACV en Bruselas, y en 1990, en un seminario sobre el cuidado y el mantenimiento de piscinas organizado en Barcelona por QUICAMP, empresa especializada en este sector.<\/p>\n<p>[\/vc_column_text][\/vc_accordion_tab][vc_accordion_tab title=\u00bb(1991-2001) &#8211; La expansi\u00f3n\u00bb][vc_column_text css=\u00bb.vc_custom_1507567172224{padding-top: 30px !important;padding-right: 40px !important;padding-bottom: 30px !important;padding-left: 40px !important;}\u00bb]<\/p>\n<p style=\"text-align: left;\">Esta es la d\u00e9cada en que se hace realidad un importante proyecto: la llegada del gas natural a la zona del Alt Maresme. Este hecho represent\u00f3 un gran cambio en todo el entramado econ\u00f3mico de la zona, ya que permiti\u00f3 dotar a las empresas y las viviendas de una nueva fuente de energ\u00eda con unas prestaciones muy superiores a las conocidas y utilizadas hasta entonces. Naturalmente, tambi\u00e9n represent\u00f3 un gran impulso para la empresa Termotur, que r\u00e1pidamente adapt\u00f3 sus infraestructuras, la log\u00edstica y la estrategia empresarial a la nueva realidad.<\/p>\n<p style=\"text-align: left;\">Es en este a\u00f1o 1991 cuando Termotur recibe de la empresa Gas Natural la acreditaci\u00f3n como empresa homologada a todos los efectos para realizar instalaciones de gas natural en su zona operativa.<\/p>\n<p style=\"text-align: left;\">Este es un momento de gran trascendencia para la empresa, que, en calidad de colaboradora, inicia una nueva etapa en la que la formaci\u00f3n y la especializaci\u00f3n tendr\u00e1n un papel fundamental.<\/p>\n<p style=\"text-align: left;\">Durante este periodo, adem\u00e1s, Termotur introduce un nuevo concepto global e integrador de sus actividades, por otra parte habituales en los campos de la calefacci\u00f3n y del aire acondicionado: se trata de la climatizaci\u00f3n, que tiene que ver con criterios de bienestar, confortabilidad, optimizaci\u00f3n, rendimiento econ\u00f3mico y mejoras medioambientales.<\/p>\n<p style=\"text-align: left;\">Coincidiendo con el a\u00f1o 1996, a\u00f1o del 45 aniversario de Termotur, la empresa aprovecha su consolidaci\u00f3n como instaladora homologada para ponerse al d\u00eda en cuanto a la asunci\u00f3n y la implantaci\u00f3n de nuevas tecnolog\u00edas, y se avanza al mismo sector tur\u00edstico en plantearle la necesidad de pensar en la climatizaci\u00f3n de los establecimientos hoteleros para aumentar los est\u00e1ndares de calidad y competitividad.<\/p>\n<p style=\"text-align: left;\">Es en este sentido que este a\u00f1o 1996, en colaboraci\u00f3n con Gas Natural, ESESA e Industrial Gin\u00e9s, se construye una Jornada T\u00e9cnica para tratar las ventajas y las oportunidades de las instalaciones de climatizaci\u00f3n basadas en el gas natural. La Agencia Catalana de Tecnolog\u00eda Tur\u00edstica y numerosas asociaciones y agrupaciones empresariales apoyan la Jornada, que registra la asistencia de numerosos profesionales de la hosteler\u00eda<\/p>\n<p style=\"text-align: left;\">Esta Jornada marc\u00f3 un antes y un despu\u00e9s en la estrategia de calidad hotelera, sobre todo en cuanto a la receptividad que puso de manifiesto el sector hotelero y, tambi\u00e9n, por el notable eco medi\u00e1tico obtenido en la prensa local y comarcal y en varias revistas especializadas y del sector, tales como TECNOHOTEL y SERHS.<\/p>\n<p style=\"text-align: left;\">Es, pues, con la voluntad de trabajar hacia una concepci\u00f3n de calidad total que se ponen en marcha a lo largo de estos a\u00f1os una serie de iniciativas:<\/p>\n<ul>\n<li style=\"text-align: left;\">La elaboraci\u00f3n de una encuesta para evaluar la calidad de los servicios prestados a los clientes por parte de Termotur.<\/li>\n<li style=\"text-align: left;\">La divulgaci\u00f3n de las realizaciones y del \u00abpulso\u00bb de la misma empresa a trav\u00e9s de la edici\u00f3n de una publicaci\u00f3n peri\u00f3dica con formato de bolet\u00edn.<\/li>\n<li style=\"text-align: left;\">La participaci\u00f3n en manifestaciones feriales.<\/li>\n<li style=\"text-align: left;\">La presencia continuada en la prensa y en medios escritos de car\u00e1cter local y comarcal.<\/li>\n<li style=\"text-align: left;\">El otorgamiento de reconocimientos a los clientes a trav\u00e9s de los diplomas indicadores de la calidad hotelera.<\/li>\n<li style=\"text-align: left;\">Y por \u00faltimo, y sobre todo, la definici\u00f3n de una imagen de marca asociada a una estrategia de comunicaci\u00f3n adecuada a la actividad.<\/li>\n<\/ul>\n<p style=\"text-align: left;\">En el marco de las estrategias adoptadas, en 1999 entra a formar parte del accionariado del Grupo SERHS, y el se\u00f1or Miquel Tur Carrasco se incorpora a su Consejo de Administraci\u00f3n. Esta integraci\u00f3n en el grupo tur\u00edstico m\u00e1s importante de Catalu\u00f1a y uno de los primeros del Mediterr\u00e1neo posibilita a Termotur vivir de cerca la misma din\u00e1mica del sector tur\u00edstico.<\/p>\n<p style=\"text-align: left;\">Un hito muy relevante de finales de este periodo fue la apertura, en el mes de julio del a\u00f1o 2000, de un establecimiento de Gas Natural Servicios en la zona. Esta apertura, querida y estimulada por Termotur, represent\u00f3 la puesta en marcha de un establecimiento de la Red Territorial de Gas Natural Servicios, con el fin de dar un asesoramiento completo y especializado a los usuarios, ofrecer servicios y aparatos, atender consultas, cuidar de las emergencias y canalizar las reclamaciones y sugerencias de los clientes.<\/p>\n<p style=\"text-align: left;\">Paralelamente a toda esta actividad, en 1991 hay que destacar tambi\u00e9n la asistencia de Miquel Tur en la Jornada T\u00e9cnica sobre el Tratamiento F\u00edsico-Qu\u00edmico de Agua de Piscinas, celebrada en Barcelona con el patrocinio de AQUATROL Ingenier\u00eda y Servicios T\u00e9cnicos.<\/p>\n<p style=\"text-align: left;\">En otro orden de cosas, hay que remarcar que Tur visita en 1995 una empresa alemana del sector llamada DINOTEC. En 1996 asiste al VII Congreso Internacional de Empresas Instaladoras y Mantenedoras de Gas, Calefacci\u00f3n, Distribuci\u00f3n y Agua, que tiene lugar en San Sebasti\u00e1n.<\/p>\n<p style=\"text-align: left;\">Como culminaci\u00f3n de estas estrategias empresariales, y coincidiendo con los cincuenta a\u00f1os de su fundaci\u00f3n, Termotur ha obtenido el certificado ISO 9001, que acredita su sistema de gesti\u00f3n de calidad. Este certificado, otorgado por la entidad de certificaci\u00f3n EQS, se ha conseguido con el cumplimiento de la norma europea UNE-EN-ISO 9001 y da fe de las buenas pr\u00e1cticas en las actividades de comercializaci\u00f3n, dise\u00f1o y desarrollo, instalaci\u00f3n y servicio postventa de sistemas de climatizaci\u00f3n, tratamiento de aguas e instalaciones de gas para establecimientos industriales, hoteleros y del hogar, entre otros.<\/p>\n<p style=\"text-align: left;\">El cumplimiento de la norma ISO 9001 demuestra la capacidad de Termotur de satisfacer las necesidades de sus clientes, y es el primer paso, junto con el sistema de prevenci\u00f3n de riesgos laborales y la gesti\u00f3n medioambiental, hacia la implantaci\u00f3n del modelo europeo de excelencia en la gesti\u00f3n empresarial, hito que se quiere alcanzar en un futuro muy cercano.<\/p>\n<p>[\/vc_column_text][\/vc_accordion_tab][\/vc_accordion][\/vc_column][\/vc_row]<\/p>\n<\/div>","protected":false},"excerpt":{"rendered":"<p>[vc_row full_width=\u00bbstretch_row\u00bb bg_type=\u00bbgrad\u00bb css=\u00bb.vc_custom_1499771976723{margin-top: 0px !important;margin-bottom: 0px !important;border-top-width: 0px !important;border-bottom-width: 0px !important;padding-top: 25px !important;padding-bottom: 0px !important;background-color: #f9f9f9 !important;background-position: 0 0 !important;background-repeat: no-repeat !important;}\u00bb el_class=\u00bbbg_centered\u00bb bg_grad=\u00bbbackground: -webkit-gradient(linear, left top, left bottom, color-stop(0%, #DCE8FA), color-stop(1%, #F2F7FF), color-stop(2%, #FFFFFF), color-stop(100%, #FFFFFF));background: -moz-linear-gradient(top,#DCE8FA 0%,#F2F7FF 1%,#FFFFFF 2%,#FFFFFF 100%);background: -webkit-linear-gradient(top,#DCE8FA 0%,#F2F7FF 1%,#FFFFFF 2%,#FFFFFF 100%);background: -o-linear-gradient(top,#DCE8FA 0%,#F2F7FF 1%,#FFFFFF 2%,#FFFFFF 100%);background: -ms-linear-gradient(top,#DCE8FA 0%,#F2F7FF&hellip;<\/p>\n","protected":false},"author":1,"featured_media":0,"parent":16687,"menu_order":0,"comment_status":"closed","ping_status":"closed","template":"","meta":{"_acf_changed":false,"footnotes":""},"class_list":["post-16696","page","type-page","status-publish","hentry","description-off"],"acf":[],"yoast_head":"<!-- This site is optimized with the Yoast SEO plugin v27.0 - https:\/\/yoast.com\/product\/yoast-seo-wordpress\/ -->\n<title>Historia. Empresa de aire acondicionado, calefacci\u00f3n, gas -TERMOTUR<\/title>\n<meta name=\"description\" content=\"La historia de Termotur encuentra sus or\u00edgenes en el a\u00f1o 1951, con Eduard Tur Lapiedra, padre del actual director general, que fue su fundador.\" \/>\n<meta name=\"robots\" content=\"index, follow, max-snippet:-1, max-image-preview:large, max-video-preview:-1\" \/>\n<link rel=\"canonical\" href=\"https:\/\/www.termotur.com\/es\/empresa\/historia\/\" \/>\n<meta property=\"og:locale\" content=\"es_ES\" \/>\n<meta property=\"og:type\" content=\"article\" \/>\n<meta property=\"og:title\" content=\"Historia. Empresa de aire acondicionado, calefacci\u00f3n, gas -TERMOTUR\" \/>\n<meta property=\"og:description\" content=\"La historia de Termotur encuentra sus or\u00edgenes en el a\u00f1o 1951, con Eduard Tur Lapiedra, padre del actual director general, que fue su fundador.\" \/>\n<meta property=\"og:url\" content=\"https:\/\/www.termotur.com\/es\/empresa\/historia\/\" \/>\n<meta property=\"og:site_name\" content=\"TERMOTUR\" \/>\n<meta property=\"article:modified_time\" content=\"2017-11-14T11:14:30+00:00\" \/>\n<meta name=\"twitter:card\" content=\"summary_large_image\" \/>\n<meta name=\"twitter:label1\" content=\"Tiempo de lectura\" \/>\n\t<meta name=\"twitter:data1\" content=\"18 minutos\" \/>\n<!-- \/ Yoast SEO plugin. -->","yoast_head_json":{"title":"Historia. Empresa de aire acondicionado, calefacci\u00f3n, gas -TERMOTUR","description":"La historia de Termotur encuentra sus or\u00edgenes en el a\u00f1o 1951, con Eduard Tur Lapiedra, padre del actual director general, que fue su fundador.","robots":{"index":"index","follow":"follow","max-snippet":"max-snippet:-1","max-image-preview":"max-image-preview:large","max-video-preview":"max-video-preview:-1"},"canonical":"https:\/\/www.termotur.com\/es\/empresa\/historia\/","og_locale":"es_ES","og_type":"article","og_title":"Historia. Empresa de aire acondicionado, calefacci\u00f3n, gas -TERMOTUR","og_description":"La historia de Termotur encuentra sus or\u00edgenes en el a\u00f1o 1951, con Eduard Tur Lapiedra, padre del actual director general, que fue su fundador.","og_url":"https:\/\/www.termotur.com\/es\/empresa\/historia\/","og_site_name":"TERMOTUR","article_modified_time":"2017-11-14T11:14:30+00:00","twitter_card":"summary_large_image","twitter_misc":{"Tiempo de lectura":"18 minutos"},"schema":{"@context":"https:\/\/schema.org","@graph":[{"@type":"WebPage","@id":"https:\/\/www.termotur.com\/es\/empresa\/historia\/","url":"https:\/\/www.termotur.com\/es\/empresa\/historia\/","name":"Historia. Empresa de aire acondicionado, calefacci\u00f3n, gas -TERMOTUR","isPartOf":{"@id":"https:\/\/www.termotur.com\/es\/#website"},"datePublished":"2017-06-29T11:42:39+00:00","dateModified":"2017-11-14T11:14:30+00:00","description":"La historia de Termotur encuentra sus or\u00edgenes en el a\u00f1o 1951, con Eduard Tur Lapiedra, padre del actual director general, que fue su fundador.","breadcrumb":{"@id":"https:\/\/www.termotur.com\/es\/empresa\/historia\/#breadcrumb"},"inLanguage":"es","potentialAction":[{"@type":"ReadAction","target":["https:\/\/www.termotur.com\/es\/empresa\/historia\/"]}]},{"@type":"BreadcrumbList","@id":"https:\/\/www.termotur.com\/es\/empresa\/historia\/#breadcrumb","itemListElement":[{"@type":"ListItem","position":1,"name":"Portada","item":"https:\/\/www.termotur.com\/es\/home\/"},{"@type":"ListItem","position":2,"name":"Empresa","item":"https:\/\/www.termotur.com\/es\/empresa\/"},{"@type":"ListItem","position":3,"name":"Historia"}]},{"@type":"WebSite","@id":"https:\/\/www.termotur.com\/es\/#website","url":"https:\/\/www.termotur.com\/es\/","name":"TERMOTUR","description":"Aire condicionat \u00b7 Calefacci\u00f3 \u00b7 Gas \u00b7 Tractament d&#039;aig\u00fces","publisher":{"@id":"https:\/\/www.termotur.com\/es\/#organization"},"potentialAction":[{"@type":"SearchAction","target":{"@type":"EntryPoint","urlTemplate":"https:\/\/www.termotur.com\/es\/?s={search_term_string}"},"query-input":{"@type":"PropertyValueSpecification","valueRequired":true,"valueName":"search_term_string"}}],"inLanguage":"es"},{"@type":"Organization","@id":"https:\/\/www.termotur.com\/es\/#organization","name":"TERMOTUR","url":"https:\/\/www.termotur.com\/es\/","logo":{"@type":"ImageObject","inLanguage":"es","@id":"https:\/\/www.termotur.com\/es\/#\/schema\/logo\/image\/","url":"https:\/\/www.termotur.com\/wp-content\/uploads\/2017\/06\/logo-termotur-120.jpg","contentUrl":"https:\/\/www.termotur.com\/wp-content\/uploads\/2017\/06\/logo-termotur-120.jpg","width":577,"height":120,"caption":"TERMOTUR"},"image":{"@id":"https:\/\/www.termotur.com\/es\/#\/schema\/logo\/image\/"}}]}},"_links":{"self":[{"href":"https:\/\/www.termotur.com\/es\/wp-json\/wp\/v2\/pages\/16696","targetHints":{"allow":["GET"]}}],"collection":[{"href":"https:\/\/www.termotur.com\/es\/wp-json\/wp\/v2\/pages"}],"about":[{"href":"https:\/\/www.termotur.com\/es\/wp-json\/wp\/v2\/types\/page"}],"author":[{"embeddable":true,"href":"https:\/\/www.termotur.com\/es\/wp-json\/wp\/v2\/users\/1"}],"replies":[{"embeddable":true,"href":"https:\/\/www.termotur.com\/es\/wp-json\/wp\/v2\/comments?post=16696"}],"version-history":[{"count":0,"href":"https:\/\/www.termotur.com\/es\/wp-json\/wp\/v2\/pages\/16696\/revisions"}],"up":[{"embeddable":true,"href":"https:\/\/www.termotur.com\/es\/wp-json\/wp\/v2\/pages\/16687"}],"wp:attachment":[{"href":"https:\/\/www.termotur.com\/es\/wp-json\/wp\/v2\/media?parent=16696"}],"curies":[{"name":"wp","href":"https:\/\/api.w.org\/{rel}","templated":true}]}}